{"id":39,"date":"2024-10-07T17:09:50","date_gmt":"2024-10-07T17:09:50","guid":{"rendered":"https:\/\/dermissima.pt\/home\/about\/"},"modified":"2025-07-23T23:57:08","modified_gmt":"2025-07-23T23:57:08","slug":"sobre-nos","status":"publish","type":"page","link":"https:\/\/dermissima.pt\/home\/sobre-nos\/","title":{"rendered":"Sobre n\u00f3s"},"content":{"rendered":"\n\n\n\n\n<h3 style=\"color: rgb(255, 255, 255);\">O Centro Derm\u00edssima<\/h3>\n\n\n\n\n\n\n\n<h2><span style=\"color: rgb(255, 255, 255); font-size: 16px; text-align: right; text-transform: none;\">Sa\u00fade na Est\u00e9tica, Enfermagem e Fisioterapia<\/span><\/h2>\n\n\n\n\n\n<p><\/p>\n\n<p style=\"color: rgb(255, 255, 255);\">Um espa\u00e7o criado a pensar na sua sa\u00fade e bem-estar.<\/p>\n\n\n\n\n\n\n\n\n\n\n\n\n\n<h3 style=\"color: rgb(136, 80, 58);\">Quem somos<\/h3>\n<p><span style=\"font-size: 20px; text-align: justify; color: rgb(107, 78, 76);\">N<\/span><span style=\"font-size: 20px; text-align: justify; color: rgb(107, 78, 76);\">aturalmente, de m\u00e3os dadas, andam o gosto, o brio e o profissionalismo pelas \u00e1reas base \u2013 a enfermagem e a fisioterapia \u2013 unidas para proporcionar \u00e0 comunidade uma mais valia na \u00e1rea da sa\u00fade.<\/span><\/p>\n<p><span style=\"color: rgb(107, 78, 76); font-size: 20px; text-align: justify;\">O Centro&nbsp;<\/span><span style=\"font-weight: bolder; color: rgb(107, 78, 76); font-size: 20px; text-align: justify;\">Derm\u00edssima<\/span><span style=\"color: rgb(107, 78, 76); font-size: 20px; text-align: justify;\">&nbsp;encerra um conceito inovador e cada vez mais solicitado: a sa\u00fade na est\u00e9tica. A nossa equipa alinha-se neste prop\u00f3sito sofisticado de dar visibilidade a esta \u00e1rea t\u00e3o impactante que vai muito para al\u00e9m da sa\u00fade f\u00edsica: o bem-estar e a sa\u00fade mental.<\/span><\/p>\n\n\n\n\n\n\n\n\n\n\n\n<h3 style=\"color: rgb(255, 255, 255);\">Miss\u00e3o<\/h3>\n\n\n\n\n<p style=\"text-align: justify;\"><span style=\"font-size: 20px; color: rgb(255, 255, 255);\">Por detr\u00e1s das nossas fardas, existe uma forte ambi\u00e7\u00e3o de acrescentar \u00e0 vida das pessoas: seja sa\u00fade, bem-estar, conforto, seguran\u00e7a, confian\u00e7a, ambi\u00e7\u00e3o essa que nos motiva diariamente a trabalhar mais e melhor.<\/span><\/p>\n<p style=\"text-align: justify;\"><span style=\"font-size: 20px;\"><\/span><br style=\"font-size: 20px;\"><span style=\"color: rgb(255, 255, 255);\"><span style=\"font-size: 20px;\">Neste projeto, que nos \u00e9 t\u00e3o especial, s\u00e3o valores inegoci\u00e1veis o compromisso, a dedica\u00e7\u00e3o, a persist\u00eancia, a honestidade e a \u00e9tica.<\/span><br style=\"font-size: 20px;\"><em style=\"font-size: 20px;\">Vestir uma camisola<\/em><span style=\"font-size: 20px;\">&nbsp;nunca foi t\u00e3o desafiador e empolgante: carregamos o desejo de contribuir para a felicidade de quem nos procura, mas tamb\u00e9m de realiza\u00e7\u00e3o pr\u00f3pria; apelamos \u00e0 criatividade como ferramenta essencial para o crescimento pessoal e profissional e em momento algum descuramos a empatia, fundamental para convivermos em harmonia.<\/span><\/span><span style=\"font-size: 20px;\"><\/span><\/p>\n<p style=\"text-align: justify;\"><span style=\"font-size: 20px;\"><\/span><br style=\"font-size: 20px;\"><span style=\"font-size: 20px; color: rgb(255, 255, 255);\">Com paix\u00e3o pela nossa miss\u00e3o, confiamos que a qualidade oferecida todos os dias e em tudo o que fazemos, \u00e9 a palavra-chave para o sucesso.<\/span><\/p>\n<p style=\"text-align: justify;\"><span style=\"font-size: 20px;\"><\/span><br style=\"font-size: 20px;\"><span style=\"font-size: 20px; color: rgb(255, 255, 255);\">Sonhamos juntos, concretizamos juntos.<\/span><\/p>\n\n\n","protected":false},"excerpt":{"rendered":"","protected":false},"author":1,"featured_media":0,"parent":0,"menu_order":0,"comment_status":"closed","ping_status":"closed","template":"","meta":{"pagelayer_contact_templates":[],"_pagelayer_content":"","footnotes":""},"class_list":["post-39","page","type-page","status-publish","hentry"],"_links":{"self":[{"href":"https:\/\/dermissima.pt\/home\/wp-json\/wp\/v2\/pages\/39","targetHints":{"allow":["GET"]}}],"collection":[{"href":"https:\/\/dermissima.pt\/home\/wp-json\/wp\/v2\/pages"}],"about":[{"href":"https:\/\/dermissima.pt\/home\/wp-json\/wp\/v2\/types\/page"}],"author":[{"embeddable":true,"href":"https:\/\/dermissima.pt\/home\/wp-json\/wp\/v2\/users\/1"}],"replies":[{"embeddable":true,"href":"https:\/\/dermissima.pt\/home\/wp-json\/wp\/v2\/comments?post=39"}],"version-history":[{"count":69,"href":"https:\/\/dermissima.pt\/home\/wp-json\/wp\/v2\/pages\/39\/revisions"}],"predecessor-version":[{"id":694,"href":"https:\/\/dermissima.pt\/home\/wp-json\/wp\/v2\/pages\/39\/revisions\/694"}],"wp:attachment":[{"href":"https:\/\/dermissima.pt\/home\/wp-json\/wp\/v2\/media?parent=39"}],"curies":[{"name":"wp","href":"https:\/\/api.w.org\/{rel}","templated":true}]}}